{"id":5416,"date":"2026-01-20T21:33:40","date_gmt":"2026-01-20T20:33:40","guid":{"rendered":"https:\/\/museedutram.ch\/wp\/?post_type=product&#038;p=5416"},"modified":"2026-01-24T11:05:31","modified_gmt":"2026-01-24T10:05:31","slug":"stylo-caran-dache-849","status":"publish","type":"product","link":"https:\/\/museedutram.ch\/wp\/produit\/stylo-caran-dache-849\/","title":{"rendered":"Stylo Caran d&rsquo;Ache 849"},"content":{"rendered":"<p>Rien de tel qu\u2019un splendide stylo Caran d\u2019Ache r\u00e9alis\u00e9 et fabriqu\u00e9 \u00e0 Gen\u00e8ve pour garder en m\u00e9moire cette ann\u00e9e jubilaire. Agr\u00e9ment\u00e9 de notre logo du mus\u00e9e du tram et d\u2019une mention \u00ab\u00a0ANAT 1976-2026\u00a0\u00bb, il est de couleur noire et comporte une mine bleue.<\/p>\n<p>Prix de vente\u00a0: CHF 35.-\/pi\u00e8ce.<\/p>\n<p>Pour des raisons de co\u00fbts \u00e9lev\u00e9s d\u2019envoi, ces souvenirs sont uniquement disponibles au mus\u00e9e du tram. Vous avez la possibilit\u00e9 de les commander et de venir les chercher directement sur place lors de nos portes ouvertes. Dans le cas d\u2019une forte demande, nous organiserons \u00e9ventuellement des dates de retrait suppl\u00e9mentaires.<\/p>\n<p><em>Les photographies pr\u00e9sent\u00e9es sont des montages r\u00e9alis\u00e9s \u00e0 des fins d\u2019illustration et ne sont pas contractuelles. Elles n\u2019engagent pas le vendeur quant \u00e0 l\u2019apparence exacte du produit.<\/em><\/p>\n","protected":false},"excerpt":{"rendered":"<p>Stylo Caran d&rsquo;Ache 849<\/p>\n<p>Description compl\u00e8te ci-dessous<\/p>\n","protected":false},"featured_media":5412,"template":"","meta":{"cybocfi_hide_featured_image":""},"product_brand":[],"product_cat":[46],"product_tag":[],"class_list":{"0":"post-5416","1":"product","2":"type-product","3":"status-publish","4":"has-post-thumbnail","6":"product_cat-50-ans-anat","7":"product_shipping_class-divers","8":"description-off","10":"first","11":"instock","12":"shipping-taxable","13":"purchasable","14":"product-type-simple"},"_links":{"self":[{"href":"https:\/\/museedutram.ch\/wp\/wp-json\/wp\/v2\/product\/5416","targetHints":{"allow":["GET"]}}],"collection":[{"href":"https:\/\/museedutram.ch\/wp\/wp-json\/wp\/v2\/product"}],"about":[{"href":"https:\/\/museedutram.ch\/wp\/wp-json\/wp\/v2\/types\/product"}],"wp:featuredmedia":[{"embeddable":true,"href":"https:\/\/museedutram.ch\/wp\/wp-json\/wp\/v2\/media\/5412"}],"wp:attachment":[{"href":"https:\/\/museedutram.ch\/wp\/wp-json\/wp\/v2\/media?parent=5416"}],"wp:term":[{"taxonomy":"product_brand","embeddable":true,"href":"https:\/\/museedutram.ch\/wp\/wp-json\/wp\/v2\/product_brand?post=5416"},{"taxonomy":"product_cat","embeddable":true,"href":"https:\/\/museedutram.ch\/wp\/wp-json\/wp\/v2\/product_cat?post=5416"},{"taxonomy":"product_tag","embeddable":true,"href":"https:\/\/museedutram.ch\/wp\/wp-json\/wp\/v2\/product_tag?post=5416"}],"curies":[{"name":"wp","href":"https:\/\/api.w.org\/{rel}","templated":true}]}}